{"id":813,"date":"2021-03-29T16:46:43","date_gmt":"2021-03-29T14:46:43","guid":{"rendered":"https:\/\/paroisses-nancy-sud.fr\/HOME\/?page_id=813"},"modified":"2021-03-29T17:00:09","modified_gmt":"2021-03-29T15:00:09","slug":"annonces-visitation-2","status":"publish","type":"page","link":"https:\/\/paroisses-nancy-sud.fr\/HOME\/annonces-visitation-2\/","title":{"rendered":"Annonces Visitation"},"content":{"rendered":"\n<style>.wp-show-posts-columns#wpsp-812 {margin-left: -3em; }.wp-show-posts-columns#wpsp-812 .wp-show-posts-inner {margin: 0 0 3em 3em; }<\/style><section id=\"wpsp-812\" class=\" wp-show-posts-columns wp-show-posts\" style=\"\"><article class=\" wp-show-posts-single post-5320 post type-post status-publish format-standard has-post-thumbnail hentry category-annonces-visitation wpsp-col-6\" itemtype=\"http:\/\/schema.org\/CreativeWork\" itemscope><div class=\"wp-show-posts-inner\" style=\"\">\t\t\t\t\t\t<header class=\"wp-show-posts-entry-header\">\n\t\t\t\t\t\t\t<h4 class=\"wp-show-posts-entry-title\" itemprop=\"headline\"><a href=\"https:\/\/paroisses-nancy-sud.fr\/HOME\/annonces-de-la-visitation-du-26-avril\/\" rel=\"bookmark\">Annonces de la Visitation du 26 avril<\/a><\/h4>\t\t\t\t\t\t<\/header><!-- .entry-header -->\n\t\t\t\t\t\t\t<div class=\"wp-show-posts-image  wpsp-image-left \">\n\t\t\t<a href=\"https:\/\/paroisses-nancy-sud.fr\/HOME\/annonces-de-la-visitation-du-26-avril\/\"  title=\"Annonces de la Visitation du 26 avril\">\t\t\t\t\t<img src=\"https:\/\/paroisses-nancy-sud.fr\/HOME\/wp-content\/uploads\/Paserelle_Visitation-scaled-e1616961649858-250x200.jpg\" alt=\"Annonces de la Visitation du 26 avril\" itemprop=\"image\" class=\"left\" \/>\n\t\t\t\t<\/a>\t\t<\/div>\n\t\t\t\t\t\t\t\t<div class=\"wp-show-posts-entry-summary\" itemprop=\"text\">\n\t\t\t\t\t\t\t<p>Le 26 avril 2026,\u00a0quatri\u00e8me dimanche de P\u00e2ques et f\u00eate du Bon Pasteur, l\u2019\u00c9glise c\u00e9l\u00e8bre la Journ\u00e9e mondiale des vocations (JMV). Cette journ\u00e9e, consacr\u00e9e \u00e0 la r\u00e9flexion et \u00e0 la pri\u00e8re pour les vocations, invite chacun \u00e0 s\u2019interroger sur sa vocation personnelle et constitue \u00e9galement un&#8230;<\/p>\n\t\t\t\t\t\t<\/div><!-- .entry-summary -->\n\t\t\t\t\t<div class=\"wpsp-read-more\"><a title=\"Annonces de la Visitation du 26 avril\" class=\"wp-show-posts-read-more\" href=\"https:\/\/paroisses-nancy-sud.fr\/HOME\/annonces-de-la-visitation-du-26-avril\/\">Lire la suite<\/a><\/div><\/div><!-- wp-show-posts-inner --><\/article><article class=\" wp-show-posts-single post-5311 post type-post status-publish format-standard has-post-thumbnail hentry category-annonces-visitation wpsp-col-6\" itemtype=\"http:\/\/schema.org\/CreativeWork\" itemscope><div class=\"wp-show-posts-inner\" style=\"\">\t\t\t\t\t\t<header class=\"wp-show-posts-entry-header\">\n\t\t\t\t\t\t\t<h4 class=\"wp-show-posts-entry-title\" itemprop=\"headline\"><a href=\"https:\/\/paroisses-nancy-sud.fr\/HOME\/annonces-de-la-visitation-du-19-avril\/\" rel=\"bookmark\">Annonces de la Visitation du 19 avril<\/a><\/h4>\t\t\t\t\t\t<\/header><!-- .entry-header -->\n\t\t\t\t\t\t\t<div class=\"wp-show-posts-image  wpsp-image-left \">\n\t\t\t<a href=\"https:\/\/paroisses-nancy-sud.fr\/HOME\/annonces-de-la-visitation-du-19-avril\/\"  title=\"Annonces de la Visitation du 19 avril\">\t\t\t\t\t<img src=\"https:\/\/paroisses-nancy-sud.fr\/HOME\/wp-content\/uploads\/Paserelle_Visitation-scaled-e1616961649858-250x200.jpg\" alt=\"Annonces de la Visitation du 19 avril\" itemprop=\"image\" class=\"left\" \/>\n\t\t\t\t<\/a>\t\t<\/div>\n\t\t\t\t\t\t\t\t<div class=\"wp-show-posts-entry-summary\" itemprop=\"text\">\n\t\t\t\t\t\t\t<p>Samedi 25 avril, mariage de Jonathan et de Morgane,\u00a0en l\u2019\u00e9glise de Sexey aux ForgesNous nous r\u00e9jouissons et les portons dans nos pri\u00e8res P\u00e8lerinage dioc\u00e9sain 2026 \u00e0 Lourdes :\u00ab\u00a0Ce p\u00e8lerinage, auquel vous pouvez participer, aura lieu du dimanche 19 au samedi 25 juillet 2026 et sera&#8230;<\/p>\n\t\t\t\t\t\t<\/div><!-- .entry-summary -->\n\t\t\t\t\t<div class=\"wpsp-read-more\"><a title=\"Annonces de la Visitation du 19 avril\" class=\"wp-show-posts-read-more\" href=\"https:\/\/paroisses-nancy-sud.fr\/HOME\/annonces-de-la-visitation-du-19-avril\/\">Lire la suite<\/a><\/div><\/div><!-- wp-show-posts-inner --><\/article><article class=\" wp-show-posts-single post-5307 post type-post status-publish format-standard has-post-thumbnail hentry category-annonces-visitation wpsp-col-6\" itemtype=\"http:\/\/schema.org\/CreativeWork\" itemscope><div class=\"wp-show-posts-inner\" style=\"\">\t\t\t\t\t\t<header class=\"wp-show-posts-entry-header\">\n\t\t\t\t\t\t\t<h4 class=\"wp-show-posts-entry-title\" itemprop=\"headline\"><a href=\"https:\/\/paroisses-nancy-sud.fr\/HOME\/annonces-de-la-visitation-du-12-avril\/\" rel=\"bookmark\">Annonces de la Visitation du 12 avril<\/a><\/h4>\t\t\t\t\t\t<\/header><!-- .entry-header -->\n\t\t\t\t\t\t\t<div class=\"wp-show-posts-image  wpsp-image-left \">\n\t\t\t<a href=\"https:\/\/paroisses-nancy-sud.fr\/HOME\/annonces-de-la-visitation-du-12-avril\/\"  title=\"Annonces de la Visitation du 12 avril\">\t\t\t\t\t<img src=\"https:\/\/paroisses-nancy-sud.fr\/HOME\/wp-content\/uploads\/Paserelle_Visitation-scaled-e1616961649858-250x200.jpg\" alt=\"Annonces de la Visitation du 12 avril\" itemprop=\"image\" class=\"left\" \/>\n\t\t\t\t<\/a>\t\t<\/div>\n\t\t\t\t\t\t\t\t<div class=\"wp-show-posts-entry-summary\" itemprop=\"text\">\n\t\t\t\t\t\t\t<p>Dimanche 19 avril, bapt\u00eame d\u2019\u00c9liott en l\u2019\u00e9glise de Neuves-MaisonsSamedi 25 avril, mariage de Jonathan et de Morgane,\u00a0en l\u2019\u00e9glise de Sexey aux ForgesNous nous r\u00e9jouissons et les portons dans nos pri\u00e8res \u00a0\u00bb P\u00e8lerinage dioc\u00e9sain 2026 \u00e0 Lourdes\u00a0\u00bb :Ce p\u00e8lerinage, auquel vous pouvez participer, aura lieu du&#8230;<\/p>\n\t\t\t\t\t\t<\/div><!-- .entry-summary -->\n\t\t\t\t\t<div class=\"wpsp-read-more\"><a title=\"Annonces de la Visitation du 12 avril\" class=\"wp-show-posts-read-more\" href=\"https:\/\/paroisses-nancy-sud.fr\/HOME\/annonces-de-la-visitation-du-12-avril\/\">Lire la suite<\/a><\/div><\/div><!-- wp-show-posts-inner --><\/article><article class=\" wp-show-posts-single post-5291 post type-post status-publish format-standard has-post-thumbnail hentry category-annonces-visitation wpsp-col-6\" itemtype=\"http:\/\/schema.org\/CreativeWork\" itemscope><div class=\"wp-show-posts-inner\" style=\"\">\t\t\t\t\t\t<header class=\"wp-show-posts-entry-header\">\n\t\t\t\t\t\t\t<h4 class=\"wp-show-posts-entry-title\" itemprop=\"headline\"><a href=\"https:\/\/paroisses-nancy-sud.fr\/HOME\/annonces-de-la-visitation-du-5-avril\/\" rel=\"bookmark\">Annonces de la Visitation du 5 avril<\/a><\/h4>\t\t\t\t\t\t<\/header><!-- .entry-header -->\n\t\t\t\t\t\t\t<div class=\"wp-show-posts-image  wpsp-image-left \">\n\t\t\t<a href=\"https:\/\/paroisses-nancy-sud.fr\/HOME\/annonces-de-la-visitation-du-5-avril\/\"  title=\"Annonces de la Visitation du 5 avril\">\t\t\t\t\t<img src=\"https:\/\/paroisses-nancy-sud.fr\/HOME\/wp-content\/uploads\/Paserelle_Visitation-scaled-e1616961649858-250x200.jpg\" alt=\"Annonces de la Visitation du 5 avril\" itemprop=\"image\" class=\"left\" \/>\n\t\t\t\t<\/a>\t\t<\/div>\n\t\t\t\t\t\t\t\t<div class=\"wp-show-posts-entry-summary\" itemprop=\"text\">\n\t\t\t\t\t\t\t<p>Dimanche 12 avril, bapt\u00eame de C\u00e9lestin Savary\u00a0;Nous nous r\u00e9jouissons et le portons dans nos pri\u00e8res Jeudi \u00a009 avril \u00e0 14h00, conf\u00e9rence anim\u00e9e par Mr Patrice Kelche sur le th\u00e8me du \u00ab\u00a0sacrement de l\u2019ordre\u00a0\u00bb, dans la salle paroissiale de Neuves-Maisons. Vendredi 10 avril, 18h45\u00a0: repas des&#8230;<\/p>\n\t\t\t\t\t\t<\/div><!-- .entry-summary -->\n\t\t\t\t\t<div class=\"wpsp-read-more\"><a title=\"Annonces de la Visitation du 5 avril\" class=\"wp-show-posts-read-more\" href=\"https:\/\/paroisses-nancy-sud.fr\/HOME\/annonces-de-la-visitation-du-5-avril\/\">Lire la suite<\/a><\/div><\/div><!-- wp-show-posts-inner --><\/article><article class=\" wp-show-posts-single post-5255 post type-post status-publish format-standard has-post-thumbnail hentry category-annonces-visitation wpsp-col-6\" itemtype=\"http:\/\/schema.org\/CreativeWork\" itemscope><div class=\"wp-show-posts-inner\" style=\"\">\t\t\t\t\t\t<header class=\"wp-show-posts-entry-header\">\n\t\t\t\t\t\t\t<h4 class=\"wp-show-posts-entry-title\" itemprop=\"headline\"><a href=\"https:\/\/paroisses-nancy-sud.fr\/HOME\/annonces-de-la-visitation-du-29-mars\/\" rel=\"bookmark\">Annonces de la Visitation du 29 mars<\/a><\/h4>\t\t\t\t\t\t<\/header><!-- .entry-header -->\n\t\t\t\t\t\t\t<div class=\"wp-show-posts-image  wpsp-image-left \">\n\t\t\t<a href=\"https:\/\/paroisses-nancy-sud.fr\/HOME\/annonces-de-la-visitation-du-29-mars\/\"  title=\"Annonces de la Visitation du 29 mars\">\t\t\t\t\t<img src=\"https:\/\/paroisses-nancy-sud.fr\/HOME\/wp-content\/uploads\/cropped-Paserelle_Visitation-scaled-1-250x200.jpg\" alt=\"Annonces de la Visitation du 29 mars\" itemprop=\"image\" class=\"left\" \/>\n\t\t\t\t<\/a>\t\t<\/div>\n\t\t\t\t\t\t\t\t<div class=\"wp-show-posts-entry-summary\" itemprop=\"text\">\n\t\t\t\t\t\t\t<p>Samedi 04 avril, bapt\u00eame de Th\u00e9s\u00e9a Amevor Bellemant \u00e0 M\u00e9r\u00e9ville\u00a0;Nous nous r\u00e9jouissons et la portons dans nos pri\u00e8res Les samedi 28 et dimanche 29 mars 2026, les paroisses du dioc\u00e8se lancent officiellement la collecte 2026 du Denier de l\u2019\u00c9glise. Le\u00a0Denier\u00a0est\u00a0une ressource vitale pour notre dioc\u00e8se\u00a0:les&#8230;<\/p>\n\t\t\t\t\t\t<\/div><!-- .entry-summary -->\n\t\t\t\t\t<div class=\"wpsp-read-more\"><a title=\"Annonces de la Visitation du 29 mars\" class=\"wp-show-posts-read-more\" href=\"https:\/\/paroisses-nancy-sud.fr\/HOME\/annonces-de-la-visitation-du-29-mars\/\">Lire la suite<\/a><\/div><\/div><!-- wp-show-posts-inner --><\/article><article class=\" wp-show-posts-single post-5248 post type-post status-publish format-standard has-post-thumbnail hentry category-annonces-visitation wpsp-col-6\" itemtype=\"http:\/\/schema.org\/CreativeWork\" itemscope><div class=\"wp-show-posts-inner\" style=\"\">\t\t\t\t\t\t<header class=\"wp-show-posts-entry-header\">\n\t\t\t\t\t\t\t<h4 class=\"wp-show-posts-entry-title\" itemprop=\"headline\"><a href=\"https:\/\/paroisses-nancy-sud.fr\/HOME\/annonces-de-la-visitation-du-22-mars\/\" rel=\"bookmark\">Annonces de la Visitation du 22 mars<\/a><\/h4>\t\t\t\t\t\t<\/header><!-- .entry-header -->\n\t\t\t\t\t\t\t<div class=\"wp-show-posts-image  wpsp-image-left \">\n\t\t\t<a href=\"https:\/\/paroisses-nancy-sud.fr\/HOME\/annonces-de-la-visitation-du-22-mars\/\"  title=\"Annonces de la Visitation du 22 mars\">\t\t\t\t\t<img src=\"https:\/\/paroisses-nancy-sud.fr\/HOME\/wp-content\/uploads\/cropped-Paserelle_Visitation-scaled-1-250x200.jpg\" alt=\"Annonces de la Visitation du 22 mars\" itemprop=\"image\" class=\"left\" \/>\n\t\t\t\t<\/a>\t\t<\/div>\n\t\t\t\t\t\t\t\t<div class=\"wp-show-posts-entry-summary\" itemprop=\"text\">\n\t\t\t\t\t\t\t<p>Les conf\u00e9rences du temps de Car\u00eame anim\u00e9es par Mr. Patrice Kelche ont pour th\u00e8me: \u00ab Comment comprendre aujourd&rsquo;hui les pratiques de la tradition chr\u00e9tienne pendant le car\u00eame : le je\u00fbne, la Pri\u00e8re, le partage (aum\u00f4ne) \u00bb? Vous \u00eates tous invit\u00e9s \u00e0 ce temps d&rsquo;enseignement et&#8230;<\/p>\n\t\t\t\t\t\t<\/div><!-- .entry-summary -->\n\t\t\t\t\t<div class=\"wpsp-read-more\"><a title=\"Annonces de la Visitation du 22 mars\" class=\"wp-show-posts-read-more\" href=\"https:\/\/paroisses-nancy-sud.fr\/HOME\/annonces-de-la-visitation-du-22-mars\/\">Lire la suite<\/a><\/div><\/div><!-- wp-show-posts-inner --><\/article><article class=\" wp-show-posts-single post-5210 post type-post status-publish format-standard has-post-thumbnail hentry category-annonces-visitation wpsp-col-6\" itemtype=\"http:\/\/schema.org\/CreativeWork\" itemscope><div class=\"wp-show-posts-inner\" style=\"\">\t\t\t\t\t\t<header class=\"wp-show-posts-entry-header\">\n\t\t\t\t\t\t\t<h4 class=\"wp-show-posts-entry-title\" itemprop=\"headline\"><a href=\"https:\/\/paroisses-nancy-sud.fr\/HOME\/annonces-de-la-visitation-du-1er-mars\/\" rel=\"bookmark\">Annonces de la Visitation du 1er mars<\/a><\/h4>\t\t\t\t\t\t<\/header><!-- .entry-header -->\n\t\t\t\t\t\t\t<div class=\"wp-show-posts-image  wpsp-image-left \">\n\t\t\t<a href=\"https:\/\/paroisses-nancy-sud.fr\/HOME\/annonces-de-la-visitation-du-1er-mars\/\"  title=\"Annonces de la Visitation du 1er mars\">\t\t\t\t\t<img src=\"https:\/\/paroisses-nancy-sud.fr\/HOME\/wp-content\/uploads\/cropped-Paserelle_Visitation-scaled-1-250x200.jpg\" alt=\"Annonces de la Visitation du 1er mars\" itemprop=\"image\" class=\"left\" \/>\n\t\t\t\t<\/a>\t\t<\/div>\n\t\t\t\t\t\t\t\t<div class=\"wp-show-posts-entry-summary\" itemprop=\"text\">\n\t\t\t\t\t\t\t<p>\u00c9quipes du Rosaire\u00a0: comme chaque d\u00e9but de mois, les \u00e9quipes du secteur se r\u00e9unissent. Ce sera le lundi 02 mars\u00a0 \u00e0 14h30 et elles invitent toutes personnes int\u00e9ress\u00e9es \u00e0 les rejoindre. \u00a0Qu\u00eate charges paroissiales\u00a0: Comme tous les premiers dimanches du mois, une qu\u00eate est assur\u00e9e&#8230;<\/p>\n\t\t\t\t\t\t<\/div><!-- .entry-summary -->\n\t\t\t\t\t<div class=\"wpsp-read-more\"><a title=\"Annonces de la Visitation du 1er mars\" class=\"wp-show-posts-read-more\" href=\"https:\/\/paroisses-nancy-sud.fr\/HOME\/annonces-de-la-visitation-du-1er-mars\/\">Lire la suite<\/a><\/div><\/div><!-- wp-show-posts-inner --><\/article><article class=\" wp-show-posts-single post-5203 post type-post status-publish format-standard has-post-thumbnail hentry category-annonces-visitation wpsp-col-6\" itemtype=\"http:\/\/schema.org\/CreativeWork\" itemscope><div class=\"wp-show-posts-inner\" style=\"\">\t\t\t\t\t\t<header class=\"wp-show-posts-entry-header\">\n\t\t\t\t\t\t\t<h4 class=\"wp-show-posts-entry-title\" itemprop=\"headline\"><a href=\"https:\/\/paroisses-nancy-sud.fr\/HOME\/annonces-de-la-visitation-du-22-fevrier\/\" rel=\"bookmark\">Annonces de la Visitation du 22 f\u00e9vrier<\/a><\/h4>\t\t\t\t\t\t<\/header><!-- .entry-header -->\n\t\t\t\t\t\t\t<div class=\"wp-show-posts-image  wpsp-image-left \">\n\t\t\t<a href=\"https:\/\/paroisses-nancy-sud.fr\/HOME\/annonces-de-la-visitation-du-22-fevrier\/\"  title=\"Annonces de la Visitation du 22 f\u00e9vrier\">\t\t\t\t\t<img src=\"https:\/\/paroisses-nancy-sud.fr\/HOME\/wp-content\/uploads\/Paserelle_Visitation-scaled-e1616961649858-250x200.jpg\" alt=\"Annonces de la Visitation du 22 f\u00e9vrier\" itemprop=\"image\" class=\"left\" \/>\n\t\t\t\t<\/a>\t\t<\/div>\n\t\t\t\t\t\t\t\t<div class=\"wp-show-posts-entry-summary\" itemprop=\"text\">\n\t\t\t\t\t\t\t<p>Du 27 f\u00e9vrier au 20 mars 2026, \u00e0 la\u00a0MJC Philippe Desforges\u00a0\u00e0 Nancy.L\u2019atelier Saint Nicolas des Lorrains exposera une cinquantaine d\u2019ic\u00f4nes r\u00e9alis\u00e9es dans son atelier lors de la 16e\u00a0\u00e9dition de la Biennale de l\u2019ic\u00f4ne,\u00a0Le th\u00e8me de cette ann\u00e9e est \u00abPeuple de rois\u2026\u00bb.L\u2019entr\u00e9e est libre, tous les&#8230;<\/p>\n\t\t\t\t\t\t<\/div><!-- .entry-summary -->\n\t\t\t\t\t<div class=\"wpsp-read-more\"><a title=\"Annonces de la Visitation du 22 f\u00e9vrier\" class=\"wp-show-posts-read-more\" href=\"https:\/\/paroisses-nancy-sud.fr\/HOME\/annonces-de-la-visitation-du-22-fevrier\/\">Lire la suite<\/a><\/div><\/div><!-- wp-show-posts-inner --><\/article><article class=\" wp-show-posts-single post-5195 post type-post status-publish format-standard has-post-thumbnail hentry category-annonces-visitation wpsp-col-6\" itemtype=\"http:\/\/schema.org\/CreativeWork\" itemscope><div class=\"wp-show-posts-inner\" style=\"\">\t\t\t\t\t\t<header class=\"wp-show-posts-entry-header\">\n\t\t\t\t\t\t\t<h4 class=\"wp-show-posts-entry-title\" itemprop=\"headline\"><a href=\"https:\/\/paroisses-nancy-sud.fr\/HOME\/annonces-de-la-visitation-du-15-fevrier\/\" rel=\"bookmark\">Annonces de la Visitation du 15 f\u00e9vrier<\/a><\/h4>\t\t\t\t\t\t<\/header><!-- .entry-header -->\n\t\t\t\t\t\t\t<div class=\"wp-show-posts-image  wpsp-image-left \">\n\t\t\t<a href=\"https:\/\/paroisses-nancy-sud.fr\/HOME\/annonces-de-la-visitation-du-15-fevrier\/\"  title=\"Annonces de la Visitation du 15 f\u00e9vrier\">\t\t\t\t\t<img src=\"https:\/\/paroisses-nancy-sud.fr\/HOME\/wp-content\/uploads\/Paserelle_Visitation-scaled-e1616961649858-250x200.jpg\" alt=\"Annonces de la Visitation du 15 f\u00e9vrier\" itemprop=\"image\" class=\"left\" \/>\n\t\t\t\t<\/a>\t\t<\/div>\n\t\t\t\t\t\t\t\t<div class=\"wp-show-posts-entry-summary\" itemprop=\"text\">\n\t\t\t\t\t\t\t<p>Les \u00e9v\u00eaques de France souhaitent\u00a0inviter tous les catholiques \u00e0 une journ\u00e9e de pri\u00e8re et de je\u00fbne le 20 f\u00e9vrier, premier vendredi de Car\u00eame,\u00a0pour que, par le je\u00fbne et la pri\u00e8re, \u00ab\u00a0nous nous rendions toujours plus disponibles au don de l\u2019Esprit et que les consciences de&#8230;<\/p>\n\t\t\t\t\t\t<\/div><!-- .entry-summary -->\n\t\t\t\t\t<div class=\"wpsp-read-more\"><a title=\"Annonces de la Visitation du 15 f\u00e9vrier\" class=\"wp-show-posts-read-more\" href=\"https:\/\/paroisses-nancy-sud.fr\/HOME\/annonces-de-la-visitation-du-15-fevrier\/\">Lire la suite<\/a><\/div><\/div><!-- wp-show-posts-inner --><\/article><article class=\" wp-show-posts-single post-5147 post type-post status-publish format-standard has-post-thumbnail hentry category-annonces-visitation wpsp-col-6\" itemtype=\"http:\/\/schema.org\/CreativeWork\" itemscope><div class=\"wp-show-posts-inner\" style=\"\">\t\t\t\t\t\t<header class=\"wp-show-posts-entry-header\">\n\t\t\t\t\t\t\t<h4 class=\"wp-show-posts-entry-title\" itemprop=\"headline\"><a href=\"https:\/\/paroisses-nancy-sud.fr\/HOME\/annonces-de-saint-francois-de-sales-et-sainte-jeanne-de-chantal-du-8-fevrier\/\" rel=\"bookmark\">Annonces de la visitation du 8 f\u00e9vrier<\/a><\/h4>\t\t\t\t\t\t<\/header><!-- .entry-header -->\n\t\t\t\t\t\t\t<div class=\"wp-show-posts-image  wpsp-image-left \">\n\t\t\t<a href=\"https:\/\/paroisses-nancy-sud.fr\/HOME\/annonces-de-saint-francois-de-sales-et-sainte-jeanne-de-chantal-du-8-fevrier\/\"  title=\"Annonces de la visitation du 8 f\u00e9vrier\">\t\t\t\t\t<img src=\"https:\/\/paroisses-nancy-sud.fr\/HOME\/wp-content\/uploads\/Paserelle_Visitation-scaled-e1616961649858-250x200.jpg\" alt=\"Annonces de la visitation du 8 f\u00e9vrier\" itemprop=\"image\" class=\"left\" \/>\n\t\t\t\t<\/a>\t\t<\/div>\n\t\t\t\t\t\t\t\t<div class=\"wp-show-posts-entry-summary\" itemprop=\"text\">\n\t\t\t\t\t\t\t<p>Bapt\u00eames de L\u00e9a, dimanche 8 f\u00e9vrier, en l\u2019\u00e9glise de Neuves-Maisons,\u00a0de Madhi, samedi 21 f\u00e9vrier, en l\u2019\u00e9glise de Chavigny,\u00a0d\u2019\u00c9lise, dimanche 22 f\u00e9vrier, en l&rsquo;\u00e9glise d&rsquo;Autrey sur Madon.Nous nous r\u00e9jouissons et les portons dans nos pri\u00e8res. \u00a0Lundi 9 f\u00e9vrier, de 14h15 \u00e0 16h00, rencontre de lecture suivie&#8230;<\/p>\n\t\t\t\t\t\t<\/div><!-- .entry-summary -->\n\t\t\t\t\t<div class=\"wpsp-read-more\"><a title=\"Annonces de la visitation du 8 f\u00e9vrier\" class=\"wp-show-posts-read-more\" href=\"https:\/\/paroisses-nancy-sud.fr\/HOME\/annonces-de-saint-francois-de-sales-et-sainte-jeanne-de-chantal-du-8-fevrier\/\">Lire la suite<\/a><\/div><\/div><!-- wp-show-posts-inner --><\/article><article class=\" wp-show-posts-single post-5134 post type-post status-publish format-standard has-post-thumbnail hentry category-annonces-visitation wpsp-col-6\" itemtype=\"http:\/\/schema.org\/CreativeWork\" itemscope><div class=\"wp-show-posts-inner\" style=\"\">\t\t\t\t\t\t<header class=\"wp-show-posts-entry-header\">\n\t\t\t\t\t\t\t<h4 class=\"wp-show-posts-entry-title\" itemprop=\"headline\"><a href=\"https:\/\/paroisses-nancy-sud.fr\/HOME\/annonces-de-la-visitation-du-1er-fevrier\/\" rel=\"bookmark\">Annonces de la Visitation du 1er f\u00e9vrier<\/a><\/h4>\t\t\t\t\t\t<\/header><!-- .entry-header -->\n\t\t\t\t\t\t\t<div class=\"wp-show-posts-image  wpsp-image-left \">\n\t\t\t<a href=\"https:\/\/paroisses-nancy-sud.fr\/HOME\/annonces-de-la-visitation-du-1er-fevrier\/\"  title=\"Annonces de la Visitation du 1er f\u00e9vrier\">\t\t\t\t\t<img src=\"https:\/\/paroisses-nancy-sud.fr\/HOME\/wp-content\/uploads\/Paserelle_Visitation-scaled-e1616961649858-250x200.jpg\" alt=\"Annonces de la Visitation du 1er f\u00e9vrier\" itemprop=\"image\" class=\"left\" \/>\n\t\t\t\t<\/a>\t\t<\/div>\n\t\t\t\t\t\t\t\t<div class=\"wp-show-posts-entry-summary\" itemprop=\"text\">\n\t\t\t\t\t\t\t<p>Bapt\u00eames de L\u00e9a , dimanche 8 f\u00e9vrier, en l\u2019\u00e9glise de Neuves-Maisons, de Madhi, samedi 21 f\u00e9vrier, en l\u2019\u00e9glise de Chavigny,\u00a0d\u2019\u00c9lise , dimanche 22 f\u00e9vrier, en l&rsquo;\u00e9glise d&rsquo;Autrey sur Madon.Nous nous r\u00e9jouissons et les portons dans nos pri\u00e8res. Dimanche 1er f\u00e9vrier, comme tous les 1ers dimanche&#8230;<\/p>\n\t\t\t\t\t\t<\/div><!-- .entry-summary -->\n\t\t\t\t\t<div class=\"wpsp-read-more\"><a title=\"Annonces de la Visitation du 1er f\u00e9vrier\" class=\"wp-show-posts-read-more\" href=\"https:\/\/paroisses-nancy-sud.fr\/HOME\/annonces-de-la-visitation-du-1er-fevrier\/\">Lire la suite<\/a><\/div><\/div><!-- wp-show-posts-inner --><\/article><article class=\" wp-show-posts-single post-5118 post type-post status-publish format-standard has-post-thumbnail hentry category-annonces-visitation wpsp-col-6\" itemtype=\"http:\/\/schema.org\/CreativeWork\" itemscope><div class=\"wp-show-posts-inner\" style=\"\">\t\t\t\t\t\t<header class=\"wp-show-posts-entry-header\">\n\t\t\t\t\t\t\t<h4 class=\"wp-show-posts-entry-title\" itemprop=\"headline\"><a href=\"https:\/\/paroisses-nancy-sud.fr\/HOME\/5118-2\/\" rel=\"bookmark\">Annonces de la Visitation du 25 janvier<\/a><\/h4>\t\t\t\t\t\t<\/header><!-- .entry-header -->\n\t\t\t\t\t\t\t<div class=\"wp-show-posts-image  wpsp-image-left \">\n\t\t\t<a href=\"https:\/\/paroisses-nancy-sud.fr\/HOME\/5118-2\/\"  title=\"Annonces de la Visitation du 25 janvier\">\t\t\t\t\t<img src=\"https:\/\/paroisses-nancy-sud.fr\/HOME\/wp-content\/uploads\/Paserelle_Visitation-scaled-e1616961649858-250x200.jpg\" alt=\"Annonces de la Visitation du 25 janvier\" itemprop=\"image\" class=\"left\" \/>\n\t\t\t\t<\/a>\t\t<\/div>\n\t\t\t\t\t\t\t\t<div class=\"wp-show-posts-entry-summary\" itemprop=\"text\">\n\t\t\t\t\t\t\t<p>Bapt\u00eames :Bapt\u00eames de L\u00e9a\u00a0dimanche 8 f\u00e9vrier, en l\u2019\u00e9glise de Neuves-Maisons., de Madhi, samedi 21 f\u00e9vrier, en l\u2019\u00e9glise de Chavigny, et de Elise, dimanche 22 f\u00e9vrier, en l&rsquo;\u00e9glise d&rsquo;Autrey sur Madon.Nous nous r\u00e9jouissons et les portons dans nos pri\u00e8res. Une ann\u00e9e sp\u00e9ciale de saint Fran\u00e7ois du&#8230;<\/p>\n\t\t\t\t\t\t<\/div><!-- .entry-summary -->\n\t\t\t\t\t<div class=\"wpsp-read-more\"><a title=\"Annonces de la Visitation du 25 janvier\" class=\"wp-show-posts-read-more\" href=\"https:\/\/paroisses-nancy-sud.fr\/HOME\/5118-2\/\">Lire la suite<\/a><\/div><\/div><!-- wp-show-posts-inner --><\/article><div class=\"wpsp-clear\"><\/div><\/section><!-- .wp-show-posts --><div class=\"wpsp-load-more\"><span aria-current=\"page\" class=\"page-numbers current\">1<\/span>\n<a class=\"page-numbers\" href=\"https:\/\/paroisses-nancy-sud.fr\/HOME\/wp-json\/wp\/v2\/pages\/813\/page\/2\/\">2<\/a>\n<span class=\"page-numbers dots\">\u2026<\/span>\n<a class=\"page-numbers\" href=\"https:\/\/paroisses-nancy-sud.fr\/HOME\/wp-json\/wp\/v2\/pages\/813\/page\/20\/\">20<\/a>\n<a class=\"next page-numbers\" href=\"https:\/\/paroisses-nancy-sud.fr\/HOME\/wp-json\/wp\/v2\/pages\/813\/page\/2\/\">Next &rarr;<\/a><\/div>\n","protected":false},"excerpt":{"rendered":"","protected":false},"author":3,"featured_media":0,"parent":0,"menu_order":0,"comment_status":"closed","ping_status":"closed","template":"","meta":[],"acf":[],"_links":{"self":[{"href":"https:\/\/paroisses-nancy-sud.fr\/HOME\/wp-json\/wp\/v2\/pages\/813"}],"collection":[{"href":"https:\/\/paroisses-nancy-sud.fr\/HOME\/wp-json\/wp\/v2\/pages"}],"about":[{"href":"https:\/\/paroisses-nancy-sud.fr\/HOME\/wp-json\/wp\/v2\/types\/page"}],"author":[{"embeddable":true,"href":"https:\/\/paroisses-nancy-sud.fr\/HOME\/wp-json\/wp\/v2\/users\/3"}],"replies":[{"embeddable":true,"href":"https:\/\/paroisses-nancy-sud.fr\/HOME\/wp-json\/wp\/v2\/comments?post=813"}],"version-history":[{"count":2,"href":"https:\/\/paroisses-nancy-sud.fr\/HOME\/wp-json\/wp\/v2\/pages\/813\/revisions"}],"predecessor-version":[{"id":815,"href":"https:\/\/paroisses-nancy-sud.fr\/HOME\/wp-json\/wp\/v2\/pages\/813\/revisions\/815"}],"wp:attachment":[{"href":"https:\/\/paroisses-nancy-sud.fr\/HOME\/wp-json\/wp\/v2\/media?parent=813"}],"curies":[{"name":"wp","href":"https:\/\/api.w.org\/{rel}","templated":true}]}}